{"id":54766,"date":"2023-08-10T12:31:57","date_gmt":"2023-08-10T10:31:57","guid":{"rendered":"https:\/\/www.smeup.com\/eventi\/?post_type=tribe_events&#038;p=54766"},"modified":"2023-09-21T17:01:51","modified_gmt":"2023-09-21T15:01:51","slug":"webinar-tracciabilita-hr-logistica","status":"publish","type":"tribe_events","link":"https:\/\/www.smeup.com\/eventi\/evento\/webinar-tracciabilita-hr-logistica\/","title":{"rendered":"Webinar &#8211; Tracciabilit\u00e0 nei Settori HR e Logistica: Ottimizzazione delle Operazioni e Miglioramento delle Prestazioni. Il caso Euroverde."},"content":{"rendered":"<div class=\"fusion-fullwidth fullwidth-box fusion-builder-row-1 fusion-flex-container nonhundred-percent-fullwidth non-hundred-percent-height-scrolling gradient-container-1\" style=\"--awb-border-radius-top-left:0px;--awb-border-radius-top-right:0px;--awb-border-radius-bottom-right:0px;--awb-border-radius-bottom-left:0px;--awb-flex-wrap:wrap;\" ><div class=\"fusion-builder-row fusion-row fusion-flex-align-items-flex-start fusion-flex-content-wrap\" style=\"max-width:1144px;margin-left: calc(-4% \/ 2 );margin-right: calc(-4% \/ 2 );\"><div class=\"fusion-layout-column fusion_builder_column fusion-builder-column-0 fusion_builder_column_1_2 1_2 fusion-flex-column\" style=\"--awb-bg-size:cover;--awb-width-large:50%;--awb-margin-top-large:0px;--awb-spacing-right-large:3.84%;--awb-margin-bottom-large:0px;--awb-spacing-left-large:3.84%;--awb-width-medium:50%;--awb-spacing-right-medium:3.84%;--awb-spacing-left-medium:3.84%;--awb-width-small:100%;--awb-spacing-right-small:1.92%;--awb-spacing-left-small:1.92%;\"><div class=\"fusion-column-wrapper fusion-flex-justify-content-flex-start fusion-content-layout-column\"><div class=\"fusion-text fusion-text-1\"><p><strong>Il webinar affronter\u00e0 il tema cruciale della tracciabilit\u00e0 e della sua importanza in ambito HR e Logistica.<\/strong> Esploreremo come la tracciabilit\u00e0 dei dati e delle informazioni influenzi positivamente l&#8217;efficienza e la trasparenza nelle operazioni quotidiane di gestione delle risorse umane e di logistica all&#8217;interno delle organizzazioni.<br \/>\n<strong>Euroverde<\/strong>, uno dei leader nel settore agroalimentare, condivider\u00e0 la propria esperienza evidenziando come le nostre <strong>soluzioni innovative abbiano migliorato significativamente il loro lavoro e ottimizzato le operazioni aziendali.<\/strong><\/p>\n<p>I <strong>benefici<\/strong> dell\u2019adozione di strumenti per la tracciabilit\u00e0 per le aziende sono diversi:<\/p>\n<ul>\n<li>Maggiore efficienza operativa<\/li>\n<li>Maggiore precisione e riduzione degli errori<\/li>\n<li>Miglioramento della customer experience<\/li>\n<li>Rilevazione tempestiva di problemi e anomalie<\/li>\n<\/ul>\n<h4 style=\"text-align: center\"><strong>Come funzionano questi strumenti e come sfruttarli al meglio?<br \/>\n<\/strong><strong>Te lo spieghiamo il 21 settembre durante il nostro evento gratuito! Non prendere impegni!<\/strong><\/h4>\n<p><strong><br \/>\nArgomenti chiave<\/strong><\/p>\n<p><strong>Introduzione alla tracciabilit\u00e0:<\/strong><\/p>\n<ul>\n<li>Definizione e concetto fondamentale<\/li>\n<\/ul>\n<p><strong>Tracciabilit\u00e0 nell&#8217;ambito HR:<\/strong><\/p>\n<ul>\n<li>Controllo degli accessi del personale<\/li>\n<li>Monitoraggio delle prestazioni di dipendenti e collaboratori<\/li>\n<li>Gestione degli asset e dotazioni (DPI, Smartphone, PC..)<\/li>\n<li>Gestione documentale della formazione Sicurezza, Qualit\u00e0, Professionale<\/li>\n<\/ul>\n<p><strong>Tracciabilit\u00e0 nell&#8217;ambito logistico:<\/strong><\/p>\n<ul>\n<li>Monitoraggio delle merci e delle forniture<\/li>\n<li>Ottimizzazione delle catene di approvvigionamento<\/li>\n<li>Tracciamento delle spedizioni e delle consegne<\/li>\n<li>Riduzione degli sprechi e delle perdite<\/li>\n<\/ul>\n<p><strong>Tecnologie abilitanti:<\/strong><\/p>\n<ul>\n<li>Utilizzo di sistemi ERP (Enterprise Resource Planning)<\/li>\n<li>IoT (Internet of Things) e sensori nella logistica<\/li>\n<li>Strumenti di analisi e reportistica<\/li>\n<\/ul>\n<p>Gioved\u00ec 21 settembre<br \/>\n11:00 &#8211; 12:00<br \/>\n<em>Collegamento online\u00a0<\/em><\/p>\n<\/div><div class=\"fusion-separator fusion-full-width-sep\" style=\"align-self: center;margin-left: auto;margin-right: auto;flex-grow:2;margin-top:40px;margin-bottom:40px;width:100%;\"><\/div><\/div><\/div><div class=\"fusion-layout-column fusion_builder_column fusion-builder-column-1 fusion_builder_column_1_2 1_2 fusion-flex-column\" style=\"--awb-padding-top:20px;--awb-padding-right:20px;--awb-padding-bottom:20px;--awb-padding-left:20px;--awb-bg-color:#000000;--awb-bg-color-hover:#000000;--awb-bg-size:cover;--awb-width-large:50%;--awb-margin-top-large:0px;--awb-spacing-right-large:3.84%;--awb-margin-bottom-large:0px;--awb-spacing-left-large:3.84%;--awb-width-medium:50%;--awb-order-medium:0;--awb-spacing-right-medium:3.84%;--awb-spacing-left-medium:3.84%;--awb-width-small:100%;--awb-order-small:0;--awb-spacing-right-small:1.92%;--awb-spacing-left-small:1.92%;\" data-scroll-devices=\"small-visibility,medium-visibility,large-visibility\"><div class=\"fusion-column-wrapper fusion-column-has-shadow fusion-flex-justify-content-flex-start fusion-content-layout-column\"><div class=\"fusion-form fusion-form-builder fusion-form-form-wrapper fusion-form-54785\" style=\"--awb-tooltip-text-color:#ffffff;--awb-tooltip-background-color:#333333;--awb-form-input-height:30px;--awb-form-font-size:11px;--awb-form-placeholder-color:rgba(0,0,0,0.5);--awb-form-text-color:#000000;--awb-form-label-color:#ffffff;--awb-form-focus-border-color:#a50018;--awb-form-focus-border-hover-color:rgba(165,0,24,0.5);--awb-form-border-radius:6px;\" data-form-id=\"54785\" data-config=\"{&quot;form_id&quot;:54785,&quot;form_post_id&quot;:54785,&quot;post_id&quot;:54766,&quot;form_type&quot;:&quot;ajax&quot;,&quot;confirmation_type&quot;:&quot;redirect&quot;,&quot;redirect_url&quot;:&quot;https:\\\/\\\/www.smeup.com\\\/eventi\\\/wp-content\\\/uploads\\\/sites\\\/13\\\/2023\\\/09\\\/Presentazione-e-Registrazione-Webinar-Progetto-6-tracciabilita-HR-e-Logistica-21-settembre.pdf.pdf&quot;,&quot;redirect_timeout&quot;:&quot;0&quot;,&quot;field_labels&quot;:{&quot;nome&quot;:&quot;Nome&quot;,&quot;ruolo&quot;:&quot;Ruolo&quot;,&quot;email&quot;:&quot;Email&quot;,&quot;cognome&quot;:&quot;Cognome&quot;,&quot;ragione_sociale&quot;:&quot;Ragione sociale&quot;,&quot;telefono&quot;:&quot;Telefono&quot;,&quot;consenso_privacy&quot;:&quot;Consenso Utilizzo Dati Personali&quot;,&quot;consenso_newsletter&quot;:&quot;Consenso Iscrizione Newsletter&quot;},&quot;field_logics&quot;:{&quot;notice_1&quot;:&quot;&quot;,&quot;nome&quot;:&quot;&quot;,&quot;ruolo&quot;:&quot;&quot;,&quot;email&quot;:&quot;&quot;,&quot;cognome&quot;:&quot;&quot;,&quot;ragione_sociale&quot;:&quot;&quot;,&quot;telefono&quot;:&quot;&quot;,&quot;consenso_privacy&quot;:&quot;&quot;,&quot;consenso_newsletter&quot;:&quot;&quot;,&quot;submit_1&quot;:&quot;&quot;},&quot;field_types&quot;:{&quot;notice_1&quot;:&quot;notice&quot;,&quot;nome&quot;:&quot;text&quot;,&quot;ruolo&quot;:&quot;text&quot;,&quot;email&quot;:&quot;email&quot;,&quot;cognome&quot;:&quot;text&quot;,&quot;ragione_sociale&quot;:&quot;text&quot;,&quot;telefono&quot;:&quot;phone_number&quot;,&quot;consenso_privacy&quot;:&quot;checkbox&quot;,&quot;consenso_newsletter&quot;:&quot;checkbox&quot;,&quot;submit_1&quot;:&quot;submit&quot;},&quot;nonce_method&quot;:&quot;ajax&quot;,&quot;form_views&quot;:&quot;ajax&quot;,&quot;form_views_counting&quot;:&quot;all&quot;}\"><form action=\"https:\/\/www.smeup.com\/eventi\/evento\/webinar-tracciabilita-hr-logistica\/\" method=\"post\" class=\"fusion-form fusion-form-54785\"><div class=\"fusion-fullwidth fullwidth-box fusion-builder-row-1-1 fusion-flex-container nonhundred-percent-fullwidth non-hundred-percent-height-scrolling gradient-container-2\" style=\"--awb-border-radius-top-left:0px;--awb-border-radius-top-right:0px;--awb-border-radius-bottom-right:0px;--awb-border-radius-bottom-left:0px;--awb-padding-top:0px;--awb-padding-right:0px;--awb-padding-bottom:0px;--awb-padding-left:0px;--awb-flex-wrap:wrap;\" ><div class=\"fusion-builder-row fusion-row fusion-flex-align-items-flex-start fusion-flex-content-wrap\" style=\"width:104% !important;max-width:104% !important;margin-left: calc(-4% \/ 2 );margin-right: calc(-4% \/ 2 );\"><div class=\"fusion-layout-column fusion_builder_column fusion-builder-column-2 fusion_builder_column_1_1 1_1 fusion-flex-column\" style=\"--awb-bg-size:cover;--awb-width-large:100%;--awb-flex-grow:0;--awb-flex-shrink:0;--awb-margin-top-large:0px;--awb-spacing-right-large:1.92%;--awb-margin-bottom-large:0px;--awb-spacing-left-large:1.92%;--awb-width-medium:100%;--awb-order-medium:0;--awb-flex-grow-medium:0;--awb-flex-shrink-medium:0;--awb-spacing-right-medium:1.92%;--awb-spacing-left-medium:1.92%;--awb-width-small:100%;--awb-order-small:0;--awb-flex-grow-small:0;--awb-flex-shrink-small:0;--awb-spacing-right-small:1.92%;--awb-spacing-left-small:1.92%;\"><div class=\"fusion-column-wrapper fusion-column-has-shadow fusion-flex-justify-content-flex-start fusion-content-layout-column\"><div class=\"form-submission-notices data-notice_1\" id=\"fusion-notices-1\" data-instance=\"1\"><div class=\"fusion-alert alert success alert-success fusion-alert-center fusion-form-response fusion-form-response-success awb-alert-native-link-color alert-dismissable awb-alert-close-boxed\" role=\"alert\"><div class=\"fusion-alert-content-wrapper\"><span class=\"alert-icon\"><i class=\"awb-icon-check-circle\" aria-hidden=\"true\"><\/i><\/span><span class=\"fusion-alert-content\">Grazie per averci inviato la tua richiesta. Ti risponderemo il prima possibile!<\/span><\/div><button type=\"button\" class=\"close toggle-alert\" data-dismiss=\"alert\" aria-label=\"Close\">&times;<\/button><\/div><div class=\"fusion-alert alert error alert-danger fusion-alert-center fusion-form-response fusion-form-response-error awb-alert-native-link-color alert-dismissable awb-alert-close-boxed\" role=\"alert\"><div class=\"fusion-alert-content-wrapper\"><span class=\"alert-icon\"><i class=\"awb-icon-exclamation-triangle\" aria-hidden=\"true\"><\/i><\/span><span class=\"fusion-alert-content\">Abbiamo riscontrato un errore nell'invio del tuo messaggio. Riprova!<\/span><\/div><button type=\"button\" class=\"close toggle-alert\" data-dismiss=\"alert\" aria-label=\"Close\">&times;<\/button><\/div><\/div><div class=\"fusion-title title fusion-title-1 fusion-sep-none fusion-title-text fusion-title-size-two\" style=\"--awb-text-color:#ffffff;--awb-margin-top-small:10px;--awb-margin-right-small:0px;--awb-margin-bottom-small:10px;--awb-margin-left-small:0px;--awb-font-size:42px;\"><h2 class=\"fusion-title-heading title-heading-left fusion-responsive-typography-calculated\" style=\"font-family:&quot;Open Sans&quot;;font-style:normal;font-weight:300;margin:0;font-size:1em;--fontSize:42;line-height:1.14;\">Vuoi ricevere il\u00a0video del webinar\r\ne il pdf della presentazione?<\/h2><\/div><div class=\"fusion-title title fusion-title-2 fusion-sep-none fusion-title-text fusion-title-size-two\" style=\"--awb-text-color:#ffffff;--awb-margin-top-small:10px;--awb-margin-right-small:0px;--awb-margin-bottom-small:10px;--awb-margin-left-small:0px;--awb-font-size:42px;\"><h2 class=\"fusion-title-heading title-heading-left fusion-responsive-typography-calculated\" style=\"font-family:&quot;Open Sans&quot;;font-style:normal;font-weight:300;margin:0;font-size:1em;--fontSize:42;line-height:1.14;\">COMPILA IL FORM!<\/h2><\/div><\/div><\/div><div class=\"fusion-layout-column fusion_builder_column fusion-builder-column-3 fusion_builder_column_1_2 1_2 fusion-flex-column\" style=\"--awb-bg-size:cover;--awb-width-large:50%;--awb-flex-grow:0;--awb-flex-shrink:0;--awb-margin-top-large:0px;--awb-spacing-right-large:3.84%;--awb-margin-bottom-large:0px;--awb-spacing-left-large:3.84%;--awb-width-medium:50%;--awb-order-medium:0;--awb-flex-grow-medium:0;--awb-flex-shrink-medium:0;--awb-spacing-right-medium:3.84%;--awb-spacing-left-medium:3.84%;--awb-width-small:100%;--awb-order-small:0;--awb-flex-grow-small:0;--awb-flex-shrink-small:0;--awb-spacing-right-small:1.92%;--awb-spacing-left-small:1.92%;\"><div class=\"fusion-column-wrapper fusion-column-has-shadow fusion-flex-justify-content-flex-start fusion-content-layout-column\"><div class=\"fusion-form-field fusion-form-text-field fusion-form-label-above\" style=\"\" data-form-id=\"54785\"><div class=\"fusion-form-label-wrapper\"><label for=\"nome\">Nome <abbr class=\"fusion-form-element-required\" title=\"required\">*<\/abbr><\/label><\/div><input type=\"text\" autocomplete=\"off\" name=\"nome\" id=\"nome\" value=\"\"  class=\"fusion-form-input\" required=\"true\" aria-required=\"true\" data-holds-private-data=\"false\" minlength=\"0\"\/><\/div><div class=\"fusion-form-field fusion-form-text-field fusion-form-label-above\" style=\"\" data-form-id=\"54785\"><div class=\"fusion-form-label-wrapper\"><label for=\"ruolo\">Ruolo <abbr class=\"fusion-form-element-required\" title=\"required\">*<\/abbr><\/label><\/div><input type=\"text\" autocomplete=\"off\" name=\"ruolo\" id=\"ruolo\" value=\"\"  class=\"fusion-form-input\" required=\"true\" aria-required=\"true\" data-holds-private-data=\"false\" minlength=\"0\"\/><\/div><div class=\"fusion-form-field fusion-form-email-field fusion-form-label-above\" style=\"\" data-form-id=\"54785\"><div class=\"fusion-form-label-wrapper\"><label for=\"email\">Email <abbr class=\"fusion-form-element-required\" title=\"required\">*<\/abbr><\/label><\/div><input type=\"email\" autocomplete=\"off\" name=\"email\" id=\"email\" value=\"\"  class=\"fusion-form-input\" required=\"true\" aria-required=\"true\" data-holds-private-data=\"false\"\/><\/div><\/div><\/div><div class=\"fusion-layout-column fusion_builder_column fusion-builder-column-4 fusion_builder_column_1_2 1_2 fusion-flex-column\" style=\"--awb-bg-size:cover;--awb-width-large:50%;--awb-flex-grow:0;--awb-flex-shrink:0;--awb-margin-top-large:0px;--awb-spacing-right-large:3.84%;--awb-margin-bottom-large:0px;--awb-spacing-left-large:3.84%;--awb-width-medium:50%;--awb-order-medium:0;--awb-flex-grow-medium:0;--awb-flex-shrink-medium:0;--awb-spacing-right-medium:3.84%;--awb-spacing-left-medium:3.84%;--awb-width-small:100%;--awb-order-small:0;--awb-flex-grow-small:0;--awb-flex-shrink-small:0;--awb-spacing-right-small:1.92%;--awb-spacing-left-small:1.92%;\"><div class=\"fusion-column-wrapper fusion-column-has-shadow fusion-flex-justify-content-flex-start fusion-content-layout-column\"><div class=\"fusion-form-field fusion-form-text-field fusion-form-label-above\" style=\"\" data-form-id=\"54785\"><div class=\"fusion-form-label-wrapper\"><label for=\"cognome\">Cognome <abbr class=\"fusion-form-element-required\" title=\"required\">*<\/abbr><\/label><\/div><input type=\"text\" autocomplete=\"off\" name=\"cognome\" id=\"cognome\" value=\"\"  class=\"fusion-form-input\" required=\"true\" aria-required=\"true\" data-holds-private-data=\"false\" minlength=\"0\"\/><\/div><div class=\"fusion-form-field fusion-form-text-field fusion-form-label-above\" style=\"\" data-form-id=\"54785\"><div class=\"fusion-form-label-wrapper\"><label for=\"ragione_sociale\">Ragione sociale <abbr class=\"fusion-form-element-required\" title=\"required\">*<\/abbr><\/label><\/div><input type=\"text\" autocomplete=\"off\" name=\"ragione_sociale\" id=\"ragione_sociale\" value=\"\"  class=\"fusion-form-input\" required=\"true\" aria-required=\"true\" data-holds-private-data=\"false\" minlength=\"0\"\/><\/div><div class=\"fusion-form-field fusion-form-phone-number-field fusion-form-label-above\" style=\"\" data-form-id=\"54785\"><div class=\"fusion-form-label-wrapper\"><label for=\"telefono\">Telefono <abbr class=\"fusion-form-element-required\" title=\"required\">*<\/abbr><\/label><\/div><input type=\"tel\" autocomplete=\"off\" name=\"telefono\" id=\"telefono\" value=\"\"  class=\"fusion-form-input\" required=\"true\" aria-required=\"true\" data-holds-private-data=\"false\"\/><\/div><\/div><\/div><div class=\"fusion-layout-column fusion_builder_column fusion-builder-column-5 fusion_builder_column_1_1 1_1 fusion-flex-column\" style=\"--awb-bg-size:cover;--awb-width-large:100%;--awb-flex-grow:0;--awb-flex-shrink:0;--awb-margin-top-large:0px;--awb-spacing-right-large:1.92%;--awb-margin-bottom-large:0px;--awb-spacing-left-large:1.92%;--awb-width-medium:100%;--awb-order-medium:0;--awb-flex-grow-medium:0;--awb-flex-shrink-medium:0;--awb-spacing-right-medium:1.92%;--awb-spacing-left-medium:1.92%;--awb-width-small:100%;--awb-order-small:0;--awb-flex-grow-small:0;--awb-flex-shrink-small:0;--awb-spacing-right-small:1.92%;--awb-spacing-left-small:1.92%;\"><div class=\"fusion-column-wrapper fusion-column-has-shadow fusion-flex-justify-content-flex-start fusion-content-layout-column\"><div class=\"fusion-form-field fusion-form-checkbox-field fusion-form-label-above specialform\" style=\"\" data-form-id=\"54785\"><fieldset><legend class=\"fusion-form-label-wrapper\"><span class=\"label\">Consenso Utilizzo Dati Personali <abbr class=\"fusion-form-element-required\" title=\"required\">*<\/abbr><\/span><\/legend><div class=\"fusion-form-checkbox\"><input tabindex=\"\" id=\"checkbox-consenso_privacy-1-0\" type=\"checkbox\" value=\"INFORMATIVA RELATIVA AL TRATTAMENTO DEI DATI PERSONALI DEGLI UTENTI AI SENSI DELL\u2019ART. 13 DEL REGOLAMENTO (UE) 2016\/679 (GDPR) - MODULI DI CONTATTO\" name=\"consenso_privacy[]\" class=\"fusion-form-input\" required=\"true\" aria-required=\"true\" data-holds-private-data=\"false\"\/><label for=\"checkbox-consenso_privacy-1-0\">INFORMATIVA RELATIVA AL TRATTAMENTO DEI DATI PERSONALI DEGLI UTENTI AI SENSI DELL\u2019ART. 13 DEL REGOLAMENTO (UE) 2016\/679 (GDPR) - MODULI DI CONTATTO<\/label><\/div><\/fieldset><\/div><div class=\"fusion-form-field fusion-form-checkbox-field fusion-form-label-above specialform\" style=\"\" data-form-id=\"54785\"><fieldset><legend class=\"fusion-form-label-wrapper\"><span class=\"label\">Consenso Iscrizione Newsletter<\/span><\/legend><div class=\"fusion-form-checkbox\"><input tabindex=\"\" id=\"checkbox-consenso_newsletter-2-0\" type=\"checkbox\" value=\"INFORMATIVA RELATIVA AL TRATTAMENTO DEI DATI PERSONALI DEGLI UTENTI AI SENSI DELL\u2019ART. 13 DEL REGOLAMENTO (UE) 2016\/679 (GDPR) - NEWSLETTER\" name=\"consenso_newsletter[]\" class=\"fusion-form-input\" data-holds-private-data=\"false\"\/><label for=\"checkbox-consenso_newsletter-2-0\">INFORMATIVA RELATIVA AL TRATTAMENTO DEI DATI PERSONALI DEGLI UTENTI AI SENSI DELL\u2019ART. 13 DEL REGOLAMENTO (UE) 2016\/679 (GDPR) - NEWSLETTER<\/label><\/div><\/fieldset><\/div><div class=\"fusion-form-field fusion-form-submit-field fusion-form-label-above\" style=\"\" data-form-id=\"54785\"><div style=\"text-align:center;\"><button type=\"submit\" class=\"fusion-button button-flat button-xlarge button-custom fusion-button-default button-1 fusion-button-span-yes  button-default form-form-submit\" style=\"--button_accent_color:#000000;--button_border_color:#000000;--button_accent_hover_color:#ffffff;--button_border_hover_color:#000000;--button_border_width-top:1px;--button_border_width-right:1px;--button_border_width-bottom:1px;--button_border_width-left:1px;--button-border-radius-top-left:6px;--button-border-radius-top-right:6px;--button-border-radius-bottom-right:6px;--button-border-radius-bottom-left:6px;--button_gradient_top_color:#ffffff;--button_gradient_bottom_color:#ffffff;--button_gradient_top_color_hover:#000000;--button_gradient_bottom_color_hover:#000000;--button_text_transform:uppercase;\" data-form-number=\"54785\" tabindex=\"\"><span class=\"fusion-button-text awb-button__text awb-button__text--default\">Invia<\/span><\/button><\/div><\/div><\/div><\/div><\/div><\/div><input type=\"hidden\" name=\"fusion_privacy_expiration_interval\" value=\"48\"><input type=\"hidden\" name=\"privacy_expiration_action\" value=\"anonymize\"><\/form><\/div><\/div><\/div><\/div><\/div>\n","protected":false},"excerpt":{"rendered":"<p>Il webinar affronter\u00e0 il tema cruciale della tracciabilit\u00e0 e della sua importanza in ambito HR e Logistica. Esploreremo come la tracciabilit\u00e0 dei dati e delle informazioni influenzi positivamente l&#8217;efficienza e la trasparenza nelle operazioni quotidiane di gestione delle risorse umane e di logistica all&#8217;interno delle organizzazioni.<\/p>\n","protected":false},"author":6,"featured_media":54772,"template":"","meta":{"_acf_changed":false,"_tribe_events_status":"","_tribe_events_status_reason":"","footnotes":""},"tags":[],"tribe_events_cat":[3378],"class_list":["post-54766","tribe_events","type-tribe_events","status-publish","has-post-thumbnail","hentry","tribe_events_cat-webinar","cat_webinar"],"acf":[],"yoast_head":"<!-- This site is optimized with the Yoast SEO plugin v27.5 - https:\/\/yoast.com\/product\/yoast-seo-wordpress\/ -->\n<title>Webinar \u2013 Tracciabilit\u00e0 nei Settori HR e Logistica<\/title>\n<meta name=\"description\" content=\"Il webinar affronter\u00e0 il tema cruciale della tracciabilit\u00e0 e della sua importanza in ambito HR e Logistica. L&#039;appuntamento \u00e8 fissato per il 21 settembre!\" \/>\n<meta name=\"robots\" content=\"index, follow, max-snippet:-1, max-image-preview:large, max-video-preview:-1\" \/>\n<link rel=\"canonical\" href=\"https:\/\/www.smeup.com\/eventi\/evento\/webinar-tracciabilita-hr-logistica\/\" \/>\n<meta property=\"og:locale\" content=\"it_IT\" \/>\n<meta property=\"og:type\" content=\"article\" \/>\n<meta property=\"og:title\" content=\"Webinar \u2013 Tracciabilit\u00e0 nei Settori HR e Logistica\" \/>\n<meta property=\"og:description\" content=\"Il webinar affronter\u00e0 il tema cruciale della tracciabilit\u00e0 e della sua importanza in ambito HR e Logistica. L&#039;appuntamento \u00e8 fissato per il 21 settembre!\" \/>\n<meta property=\"og:url\" content=\"https:\/\/www.smeup.com\/eventi\/evento\/webinar-tracciabilita-hr-logistica\/\" \/>\n<meta property=\"og:site_name\" content=\"Eventi\" \/>\n<meta property=\"article:modified_time\" content=\"2023-09-21T15:01:51+00:00\" \/>\n<meta property=\"og:image\" content=\"https:\/\/www.smeup.com\/eventi\/wp-content\/uploads\/sites\/13\/2023\/08\/webinar-progetto-6-tracciabilita_newsletter_seo-social_1200x630-1024x538.png\" \/>\n\t<meta property=\"og:image:width\" content=\"1024\" \/>\n\t<meta property=\"og:image:height\" content=\"538\" \/>\n\t<meta property=\"og:image:type\" content=\"image\/png\" \/>\n<meta name=\"twitter:card\" content=\"summary_large_image\" \/>\n<meta name=\"twitter:label1\" content=\"Tempo di lettura stimato\" \/>\n\t<meta name=\"twitter:data1\" content=\"3 minuti\" \/>\n<script type=\"application\/ld+json\" class=\"yoast-schema-graph\">{\"@context\":\"https:\\\/\\\/schema.org\",\"@graph\":[{\"@type\":\"WebPage\",\"@id\":\"https:\\\/\\\/www.smeup.com\\\/eventi\\\/evento\\\/webinar-tracciabilita-hr-logistica\\\/\",\"url\":\"https:\\\/\\\/www.smeup.com\\\/eventi\\\/evento\\\/webinar-tracciabilita-hr-logistica\\\/\",\"name\":\"Webinar \u2013 Tracciabilit\u00e0 nei Settori HR e Logistica\",\"isPartOf\":{\"@id\":\"https:\\\/\\\/www.smeup.com\\\/eventi\\\/#website\"},\"primaryImageOfPage\":{\"@id\":\"https:\\\/\\\/www.smeup.com\\\/eventi\\\/evento\\\/webinar-tracciabilita-hr-logistica\\\/#primaryimage\"},\"image\":{\"@id\":\"https:\\\/\\\/www.smeup.com\\\/eventi\\\/evento\\\/webinar-tracciabilita-hr-logistica\\\/#primaryimage\"},\"thumbnailUrl\":\"https:\\\/\\\/www.smeup.com\\\/eventi\\\/wp-content\\\/uploads\\\/sites\\\/13\\\/2023\\\/08\\\/header_webinar-progetto-6.png\",\"datePublished\":\"2023-08-10T10:31:57+00:00\",\"dateModified\":\"2023-09-21T15:01:51+00:00\",\"description\":\"Il webinar affronter\u00e0 il tema cruciale della tracciabilit\u00e0 e della sua importanza in ambito HR e Logistica. L'appuntamento \u00e8 fissato per il 21 settembre!\",\"breadcrumb\":{\"@id\":\"https:\\\/\\\/www.smeup.com\\\/eventi\\\/evento\\\/webinar-tracciabilita-hr-logistica\\\/#breadcrumb\"},\"inLanguage\":\"it-IT\",\"potentialAction\":[{\"@type\":\"ReadAction\",\"target\":[\"https:\\\/\\\/www.smeup.com\\\/eventi\\\/evento\\\/webinar-tracciabilita-hr-logistica\\\/\"]}]},{\"@type\":\"ImageObject\",\"inLanguage\":\"it-IT\",\"@id\":\"https:\\\/\\\/www.smeup.com\\\/eventi\\\/evento\\\/webinar-tracciabilita-hr-logistica\\\/#primaryimage\",\"url\":\"https:\\\/\\\/www.smeup.com\\\/eventi\\\/wp-content\\\/uploads\\\/sites\\\/13\\\/2023\\\/08\\\/header_webinar-progetto-6.png\",\"contentUrl\":\"https:\\\/\\\/www.smeup.com\\\/eventi\\\/wp-content\\\/uploads\\\/sites\\\/13\\\/2023\\\/08\\\/header_webinar-progetto-6.png\",\"width\":1921,\"height\":1081,\"caption\":\"header_webinar progetto 6\"},{\"@type\":\"BreadcrumbList\",\"@id\":\"https:\\\/\\\/www.smeup.com\\\/eventi\\\/evento\\\/webinar-tracciabilita-hr-logistica\\\/#breadcrumb\",\"itemListElement\":[{\"@type\":\"ListItem\",\"position\":1,\"name\":\"Eventi\",\"item\":\"https:\\\/\\\/www.smeup.com\\\/eventi\\\/eventi\\\/\"},{\"@type\":\"ListItem\",\"position\":2,\"name\":\"Webinar &#8211; Tracciabilit\u00e0 nei Settori HR e Logistica: Ottimizzazione delle Operazioni e Miglioramento delle Prestazioni. Il caso Euroverde.\"}]},{\"@type\":\"WebSite\",\"@id\":\"https:\\\/\\\/www.smeup.com\\\/eventi\\\/#website\",\"url\":\"https:\\\/\\\/www.smeup.com\\\/eventi\\\/\",\"name\":\"Eventi\",\"description\":\"smeup\",\"potentialAction\":[{\"@type\":\"SearchAction\",\"target\":{\"@type\":\"EntryPoint\",\"urlTemplate\":\"https:\\\/\\\/www.smeup.com\\\/eventi\\\/?s={search_term_string}\"},\"query-input\":{\"@type\":\"PropertyValueSpecification\",\"valueRequired\":true,\"valueName\":\"search_term_string\"}}],\"inLanguage\":\"it-IT\"}]}<\/script>\n<!-- \/ Yoast SEO plugin. -->","yoast_head_json":{"title":"Webinar \u2013 Tracciabilit\u00e0 nei Settori HR e Logistica","description":"Il webinar affronter\u00e0 il tema cruciale della tracciabilit\u00e0 e della sua importanza in ambito HR e Logistica. L'appuntamento \u00e8 fissato per il 21 settembre!","robots":{"index":"index","follow":"follow","max-snippet":"max-snippet:-1","max-image-preview":"max-image-preview:large","max-video-preview":"max-video-preview:-1"},"canonical":"https:\/\/www.smeup.com\/eventi\/evento\/webinar-tracciabilita-hr-logistica\/","og_locale":"it_IT","og_type":"article","og_title":"Webinar \u2013 Tracciabilit\u00e0 nei Settori HR e Logistica","og_description":"Il webinar affronter\u00e0 il tema cruciale della tracciabilit\u00e0 e della sua importanza in ambito HR e Logistica. L'appuntamento \u00e8 fissato per il 21 settembre!","og_url":"https:\/\/www.smeup.com\/eventi\/evento\/webinar-tracciabilita-hr-logistica\/","og_site_name":"Eventi","article_modified_time":"2023-09-21T15:01:51+00:00","og_image":[{"width":1024,"height":538,"url":"https:\/\/www.smeup.com\/eventi\/wp-content\/uploads\/sites\/13\/2023\/08\/webinar-progetto-6-tracciabilita_newsletter_seo-social_1200x630-1024x538.png","type":"image\/png"}],"twitter_card":"summary_large_image","twitter_misc":{"Tempo di lettura stimato":"3 minuti"},"schema":{"@context":"https:\/\/schema.org","@graph":[{"@type":"WebPage","@id":"https:\/\/www.smeup.com\/eventi\/evento\/webinar-tracciabilita-hr-logistica\/","url":"https:\/\/www.smeup.com\/eventi\/evento\/webinar-tracciabilita-hr-logistica\/","name":"Webinar \u2013 Tracciabilit\u00e0 nei Settori HR e Logistica","isPartOf":{"@id":"https:\/\/www.smeup.com\/eventi\/#website"},"primaryImageOfPage":{"@id":"https:\/\/www.smeup.com\/eventi\/evento\/webinar-tracciabilita-hr-logistica\/#primaryimage"},"image":{"@id":"https:\/\/www.smeup.com\/eventi\/evento\/webinar-tracciabilita-hr-logistica\/#primaryimage"},"thumbnailUrl":"https:\/\/www.smeup.com\/eventi\/wp-content\/uploads\/sites\/13\/2023\/08\/header_webinar-progetto-6.png","datePublished":"2023-08-10T10:31:57+00:00","dateModified":"2023-09-21T15:01:51+00:00","description":"Il webinar affronter\u00e0 il tema cruciale della tracciabilit\u00e0 e della sua importanza in ambito HR e Logistica. L'appuntamento \u00e8 fissato per il 21 settembre!","breadcrumb":{"@id":"https:\/\/www.smeup.com\/eventi\/evento\/webinar-tracciabilita-hr-logistica\/#breadcrumb"},"inLanguage":"it-IT","potentialAction":[{"@type":"ReadAction","target":["https:\/\/www.smeup.com\/eventi\/evento\/webinar-tracciabilita-hr-logistica\/"]}]},{"@type":"ImageObject","inLanguage":"it-IT","@id":"https:\/\/www.smeup.com\/eventi\/evento\/webinar-tracciabilita-hr-logistica\/#primaryimage","url":"https:\/\/www.smeup.com\/eventi\/wp-content\/uploads\/sites\/13\/2023\/08\/header_webinar-progetto-6.png","contentUrl":"https:\/\/www.smeup.com\/eventi\/wp-content\/uploads\/sites\/13\/2023\/08\/header_webinar-progetto-6.png","width":1921,"height":1081,"caption":"header_webinar progetto 6"},{"@type":"BreadcrumbList","@id":"https:\/\/www.smeup.com\/eventi\/evento\/webinar-tracciabilita-hr-logistica\/#breadcrumb","itemListElement":[{"@type":"ListItem","position":1,"name":"Eventi","item":"https:\/\/www.smeup.com\/eventi\/eventi\/"},{"@type":"ListItem","position":2,"name":"Webinar &#8211; Tracciabilit\u00e0 nei Settori HR e Logistica: Ottimizzazione delle Operazioni e Miglioramento delle Prestazioni. Il caso Euroverde."}]},{"@type":"WebSite","@id":"https:\/\/www.smeup.com\/eventi\/#website","url":"https:\/\/www.smeup.com\/eventi\/","name":"Eventi","description":"smeup","potentialAction":[{"@type":"SearchAction","target":{"@type":"EntryPoint","urlTemplate":"https:\/\/www.smeup.com\/eventi\/?s={search_term_string}"},"query-input":{"@type":"PropertyValueSpecification","valueRequired":true,"valueName":"search_term_string"}}],"inLanguage":"it-IT"}]}},"_links":{"self":[{"href":"https:\/\/www.smeup.com\/eventi\/wp-json\/wp\/v2\/tribe_events\/54766","targetHints":{"allow":["GET"]}}],"collection":[{"href":"https:\/\/www.smeup.com\/eventi\/wp-json\/wp\/v2\/tribe_events"}],"about":[{"href":"https:\/\/www.smeup.com\/eventi\/wp-json\/wp\/v2\/types\/tribe_events"}],"author":[{"embeddable":true,"href":"https:\/\/www.smeup.com\/eventi\/wp-json\/wp\/v2\/users\/6"}],"version-history":[{"count":9,"href":"https:\/\/www.smeup.com\/eventi\/wp-json\/wp\/v2\/tribe_events\/54766\/revisions"}],"predecessor-version":[{"id":54791,"href":"https:\/\/www.smeup.com\/eventi\/wp-json\/wp\/v2\/tribe_events\/54766\/revisions\/54791"}],"wp:featuredmedia":[{"embeddable":true,"href":"https:\/\/www.smeup.com\/eventi\/wp-json\/wp\/v2\/media\/54772"}],"wp:attachment":[{"href":"https:\/\/www.smeup.com\/eventi\/wp-json\/wp\/v2\/media?parent=54766"}],"wp:term":[{"taxonomy":"post_tag","embeddable":true,"href":"https:\/\/www.smeup.com\/eventi\/wp-json\/wp\/v2\/tags?post=54766"},{"taxonomy":"tribe_events_cat","embeddable":true,"href":"https:\/\/www.smeup.com\/eventi\/wp-json\/wp\/v2\/tribe_events_cat?post=54766"}],"curies":[{"name":"wp","href":"https:\/\/api.w.org\/{rel}","templated":true}]}}